{"id":2007,"date":"2020-10-20T08:46:24","date_gmt":"2020-10-20T08:46:24","guid":{"rendered":"https:\/\/stellplatz.pg-redesign.de\/?page_id=2007"},"modified":"2025-03-04T09:00:57","modified_gmt":"2025-03-04T09:00:57","slug":"infos-tarife-2","status":"publish","type":"page","link":"https:\/\/aachen-camping.de\/fr\/infos-tarife-2","title":{"rendered":"Infos &#038; Tarife"},"content":{"rendered":"<div id=\"pl-2007\"  class=\"panel-layout\" ><div id=\"pg-2007-0\"  class=\"panel-grid panel-has-style\" ><div style=\"padding: 100px 0; \" data-overlay=\"true\" data-overlay-color=\"#000000\" class=\"panel-row-style panel-row-style-for-2007-0\" ><div id=\"pgc-2007-0-0\"  class=\"panel-grid-cell\" ><div id=\"panel-2007-0-0-0\" class=\"so-panel widget widget_sow-editor panel-first-child panel-last-child\" data-index=\"0\" ><div style=\"text-align: left;\" data-title-color=\"#443f3f\" data-headings-color=\"#443f3f\" class=\"panel-widget-style panel-widget-style-for-2007-0-0-0\" ><div\n\t\t\t\n\t\t\tclass=\"so-widget-sow-editor so-widget-sow-editor-base\"\n\t\t\t\n\t\t>\n<div class=\"siteorigin-widget-tinymce textwidget\">\n\t<h1>Infos &amp; Tarifs:<\/h1>\n<\/div>\n<\/div><\/div><\/div><\/div><\/div><\/div><div id=\"pg-2007-1\"  class=\"panel-grid panel-has-style\" ><div style=\"padding: 100px 0; \" data-overlay=\"true\" data-overlay-color=\"#000000\" class=\"panel-row-style panel-row-style-for-2007-1\" ><div id=\"pgc-2007-1-0\"  class=\"panel-grid-cell\" ><div id=\"panel-2007-1-0-0\" class=\"so-panel widget widget_sow-editor panel-first-child panel-last-child\" data-index=\"1\" ><div style=\"text-align: left;\" data-title-color=\"#443f3f\" data-headings-color=\"#443f3f\" class=\"panel-widget-style panel-widget-style-for-2007-1-0-0\" ><div\n\t\t\t\n\t\t\tclass=\"so-widget-sow-editor so-widget-sow-editor-base\"\n\t\t\t\n\t\t>\n<div class=\"siteorigin-widget-tinymce textwidget\">\n\t<div id=\"pgc-gb1221-5f8ea2da5c50f-1-0\" class=\"panel-grid-cell\">\n<div id=\"panel-gb1221-5f8ea2da5c50f-1-0-0\" class=\"so-panel widget widget_black-studio-tinymce widget_black_studio_tinymce panel-first-child\" data-index=\"1\">\n<div class=\"panel-widget-style panel-widget-style-for-gb1221-5f8ea2da5c50f-1-0-0\" data-title-color=\"#443f3f\" data-headings-color=\"#443f3f\">\n<div class=\"textwidget\">\n<div align=\"left\">\n<p><span class=\"smalltext\">Le centre-ville d\u2019Aix-la-Chapelle et le centre du quartier thermal de Burtscheid se trouvent \u00e0 proximit\u00e9 imm\u00e9diate de notre terrain. L\u2019autoroute est, elle aussi, bien accessible.<\/span><\/p>\n<p><span class=\"smalltext\"><b>Distances:<\/b><\/span><\/p>\n<p><b> <\/b><b><\/b><span class=\"smalltext\">Bretelle d\u2019autoroute : 5,1 km \u2013 Station thermale : 0,8 km \u2013 Centre historique\/centre ville : 2,3 km<br \/>\n<\/span><\/p>\n<p><span class=\"smalltext\">Le vaste terrain plat de 1,2 hectare, situ\u00e9 dans la vall\u00e9e romantique du Gillesbachtal, est compl\u00e8tement cl\u00f4tur\u00e9.<\/span><\/p>\n<p><span class=\"smalltext\">L\u2019entr\u00e9e \u00e0 notre terrain et la sortie sont possibles 24 h sur 24.<br \/>\n<\/span><\/p>\n<p>Vous pourrez stationner votre v\u00e9hicule (qu\u2019il s\u2019agisse d\u2019un camping-car ou d\u2019une caravane avec la voiture) \u00e0 un emplacement libre de votre choix selon les marquages indiqu\u00e9s.<\/p>\n<p>Les chiens sont autoris\u00e9s mais doivent \u00eatre tenus en laisse. Vous pourrez sortir votre chien dans la vall\u00e9e du Gillesbachtal \u00e0 proximit\u00e9 du terrain.<\/p>\n<p>L<span class=\"smalltext\">e <b>camping permanent<\/b> n\u2019est pas autoris\u00e9. L\u2019utilisation de notre terrain est limit\u00e9e \u00e0 2 nuit\u00e9es par s\u00e9jour. <b>Pour le s\u00e9jour de groupes, une autorisation pr\u00e9alable devra \u00eatre obtenue.<br \/>\nUne r\u00e9servation <u>n\u2019est pas possible<\/u>.<\/b><\/span><span class=\"smalltext\"><br \/>\n<\/span><\/p>\n<p><span class=\"smalltext\"><b>Tarifs:<br \/>\n<\/b><\/span>Emplacement 23,\u2013 \u20ac par camping-car \/ caravane<\/p>\n<ul id=\"menu-pdf\" class=\"menu\">\n<li id=\"menu-item-707\" class=\"menu-item menu-item-type-custom menu-item-object-custom menu-item-707\"><a href=\"https:\/\/aachen-camping.de\/wp-content\/uploads\/2020\/04\/agb-fr.pdf\" target=\"_blank\" rel=\"noopener noreferrer\"><span class=\"link\"><span class=\"smalltext\">Conditions g\u00e9n\u00e9rales - (PDF, 15KB)<\/span><\/span><\/a><\/li>\n<li id=\"menu-item-709\" class=\"menu-item menu-item-type-custom menu-item-object-custom menu-item-709\"><a href=\"https:\/\/aachen-camping.de\/wp-content\/uploads\/2020\/04\/nutzungsordnung-fr.pdf\" target=\"_blank\" rel=\"noopener noreferrer\"><span class=\"link\"><span class=\"smalltext\">R\u00e8glement int\u00e9rieur de Stellplatz Bad Aachen Aachen<br \/>\n- (PDF, 14KB)<\/span><\/span><\/a><\/li>\n<li id=\"menu-item-710\" class=\"menu-item menu-item-type-custom menu-item-object-custom menu-item-710\"><a href=\"https:\/\/aachen-camping.de\/wp-content\/uploads\/2020\/04\/Nutzungsvertrag_Vorlage.pdf\" target=\"_blank\" rel=\"noopener noreferrer\"><span class=\"link\"><span class=\"smalltext\">Contrat d\u2019utilisation (exemple) - (PDF, 178KB)<\/span><\/span><\/a><\/li>\n<li><a href=\"https:\/\/aachen-camping.de\/wp-content\/uploads\/2022\/05\/Gebu\u0308hrenordnung-NEU-10.2020.pdf\" target=\"_blank\" rel=\"noopener noreferrer\"><span class=\"link\"><span class=\"smalltext\">R\u00e8glement relatif aux tarifs (PDF, 37KB)<\/span><\/span><\/a><\/li>\n<\/ul>\n<p><strong>Downloads:<\/strong><\/p>\n<ul>\n<li><a href=\"https:\/\/aachen-camping.de\/wp-content\/uploads\/2025\/03\/SBA_Flyer_1024_WEB_DE.pdf\" target=\"_blank\" rel=\"noopener noreferrer\">Willkommen \u2013 (DE)<\/a><\/li>\n<li><a href=\"https:\/\/aachen-camping.de\/wp-content\/uploads\/2025\/03\/SBA_Flyer_1024_WEB_EN.pdf\" target=\"_blank\" rel=\"noopener noreferrer\">Welcome \u2013 (GB)<\/a><\/li>\n<li><a href=\"https:\/\/aachen-camping.de\/wp-content\/uploads\/2025\/03\/SBA_Flyer_1024_WEB_FR.pdf\" target=\"_blank\" rel=\"noopener noreferrer\">Bienvenue \u2013 (F)<\/a><\/li>\n<li><a href=\"https:\/\/aachen-camping.de\/wp-content\/uploads\/2025\/03\/SBA_Flyer_1024_WEB_NL.pdf\" target=\"_blank\" rel=\"noopener noreferrer\">Welkom \u2013 (NL)<\/a><\/li>\n<li><a href=\"https:\/\/aachen-camping.de\/wp-content\/uploads\/2025\/03\/SBA_Flyer_1024_WEB_IT.pdf\" target=\"_blank\" rel=\"noopener noreferrer\">Benveunto \u2013 (IT)<\/a><\/li>\n<\/ul>\n<\/div>\n<\/div>\n<\/div>\n<\/div>\n<\/div>\n<\/div>\n<\/div><\/div><\/div><\/div><div id=\"pgc-2007-1-1\"  class=\"panel-grid-cell\" ><div id=\"panel-2007-1-1-0\" class=\"so-panel widget widget_sow-image panel-first-child\" data-index=\"2\" ><div style=\"text-align: left;\" data-title-color=\"#443f3f\" data-headings-color=\"#443f3f\" class=\"panel-widget-style panel-widget-style-for-2007-1-1-0\" ><div\n\t\t\t\n\t\t\tclass=\"so-widget-sow-image so-widget-sow-image-default-dbf295114b96-2007\"\n\t\t\t\n\t\t>\n<div class=\"sow-image-container\">\n\t\t<img \n\tsrc=\"https:\/\/aachen-camping.de\/wp-content\/uploads\/2023\/07\/Lageplan_Campingplatz_2023_final.jpg\" width=\"1551\" height=\"2024\" srcset=\"https:\/\/aachen-camping.de\/wp-content\/uploads\/2023\/07\/Lageplan_Campingplatz_2023_final.jpg 1551w, https:\/\/aachen-camping.de\/wp-content\/uploads\/2023\/07\/Lageplan_Campingplatz_2023_final-230x300.jpg 230w, https:\/\/aachen-camping.de\/wp-content\/uploads\/2023\/07\/Lageplan_Campingplatz_2023_final-785x1024.jpg 785w, https:\/\/aachen-camping.de\/wp-content\/uploads\/2023\/07\/Lageplan_Campingplatz_2023_final-768x1002.jpg 768w, https:\/\/aachen-camping.de\/wp-content\/uploads\/2023\/07\/Lageplan_Campingplatz_2023_final-1177x1536.jpg 1177w, https:\/\/aachen-camping.de\/wp-content\/uploads\/2023\/07\/Lageplan_Campingplatz_2023_final-1000x1305.jpg 1000w, https:\/\/aachen-camping.de\/wp-content\/uploads\/2023\/07\/Lageplan_Campingplatz_2023_final-350x457.jpg 350w, https:\/\/aachen-camping.de\/wp-content\/uploads\/2023\/07\/Lageplan_Campingplatz_2023_final-480x626.jpg 480w\" sizes=\"(max-width: 1551px) 100vw, 1551px\" title=\"Schauplan Stellplatz Bad Aachen\" alt=\"\" \t\tclass=\"so-widget-image\"\/>\n\t<\/div>\n\n<\/div><\/div><\/div><div id=\"panel-2007-1-1-1\" class=\"so-panel widget widget_sow-editor panel-last-child\" data-index=\"3\" ><div style=\"text-align: left;\" data-title-color=\"#443f3f\" data-headings-color=\"#443f3f\" class=\"panel-widget-style panel-widget-style-for-2007-1-1-1\" ><div\n\t\t\t\n\t\t\tclass=\"so-widget-sow-editor so-widget-sow-editor-base\"\n\t\t\t\n\t\t>\n<div class=\"siteorigin-widget-tinymce textwidget\">\n\t<p><a href=\"https:\/\/aachen-camping.de\/wp-content\/uploads\/2023\/07\/Lageplan_Campingplatz_2023_final.jpg\" target=\"_blank\" rel=\"noopener noreferrer\">zoom<\/a><\/p>\n<\/div>\n<\/div><\/div><\/div><\/div><\/div><\/div><div id=\"pg-2007-2\"  class=\"panel-grid panel-has-style\" ><div style=\"padding: 100px 0; \" data-overlay=\"true\" data-overlay-color=\"#000000\" class=\"panel-row-style panel-row-style-for-2007-2\" ><div id=\"pgc-2007-2-0\"  class=\"panel-grid-cell\" ><div id=\"panel-2007-2-0-0\" class=\"so-panel widget widget_sow-editor panel-first-child panel-last-child\" data-index=\"4\" ><div style=\"text-align: left;\" data-title-color=\"#443f3f\" data-headings-color=\"#443f3f\" class=\"panel-widget-style panel-widget-style-for-2007-2-0-0\" ><div\n\t\t\t\n\t\t\tclass=\"so-widget-sow-editor so-widget-sow-editor-base\"\n\t\t\t\n\t\t>\n<div class=\"siteorigin-widget-tinymce textwidget\">\n\t<hr>\n<\/div>\n<\/div><\/div><\/div><\/div><\/div><\/div><div id=\"pg-2007-3\"  class=\"panel-grid panel-has-style\" ><div style=\"padding: 100px 0; \" data-overlay=\"true\" data-overlay-color=\"#000000\" class=\"panel-row-style panel-row-style-for-2007-3\" ><div id=\"pgc-2007-3-0\"  class=\"panel-grid-cell\" ><div id=\"panel-2007-3-0-0\" class=\"so-panel widget widget_sow-editor panel-first-child panel-last-child\" data-index=\"5\" ><div style=\"text-align: left;\" data-title-color=\"#443f3f\" data-headings-color=\"#443f3f\" class=\"panel-widget-style panel-widget-style-for-2007-3-0-0\" ><div\n\t\t\t\n\t\t\tclass=\"so-widget-sow-editor so-widget-sow-editor-base\"\n\t\t\t\n\t\t>\n<div class=\"siteorigin-widget-tinymce textwidget\">\n\t<div id=\"pgc-gb1360-5f8ea1db5eaf7-3-0\" class=\"panel-grid-cell\">\n<div id=\"panel-gb1360-5f8ea1db5eaf7-3-0-0\" class=\"so-panel widget widget_black-studio-tinymce widget_black_studio_tinymce panel-first-child panel-last-child\" data-index=\"6\">\n<div class=\"panel-widget-style panel-widget-style-for-gb1360-5f8ea1db5eaf7-3-0-0\" data-title-color=\"#443f3f\" data-headings-color=\"#443f3f\">\n<div class=\"textwidget\">\n<div id=\"pgc-gb1221-5f8ea2da5c50f-3-0\" class=\"panel-grid-cell\">\n<div id=\"panel-gb1221-5f8ea2da5c50f-3-0-0\" class=\"so-panel widget widget_black-studio-tinymce widget_black_studio_tinymce panel-first-child panel-last-child\" data-index=\"6\">\n<div class=\"panel-widget-style panel-widget-style-for-gb1221-5f8ea2da5c50f-3-0-0\" data-title-color=\"#443f3f\" data-headings-color=\"#443f3f\">\n<div class=\"textwidget\">\n<p><b><span class=\"smalltext\">Loisirs<\/span>:<\/b><\/p>\n<p><span class=\"smalltext\">Aix-la-Chapelle offre de nombreuses possibilit\u00e9s pour les touristes. L\u2019arr\u00eat de bus qui se trouve \u00e0 400 m\u00e8tres seulement du terrain de camping vous permettra de rejoindre le centre ville. <\/span>Le billet 24 heures sur 24 est particuli\u00e8rement bon march\u00e9 (valable 24 heures \u00e0 partir de la d\u00e9valuation pour max.\u00a0 5 personnes).<\/p>\n<p><span class=\"smalltext\">Quelques id\u00e9es:<\/span><\/p>\n<ul>\n<li><span class=\"smalltext\">visite de la cath\u00e9drale d\u2019Aix-la-Chapelle (class\u00e9e au patrimoine mondial de l\u2019UNESCO),<br \/>\nouverte de 7:00h \u00e0 19:00h<\/span><\/li>\n<li><span class=\"smalltext\">visite guid\u00e9e de la vieille ville, samedi, dimanche et jour f\u00e9ri\u00e9s, d\u00e9part de l\u2019office de tourisme Elisenbrunnen, 11:00h<br \/>\n<\/span><span class=\"smalltext\">Du mois d\u2019avril au mois d\u2019octobre, visite guid\u00e9e \u00e9galement du lundi au vendredi \u00e0 14:00h<\/span><\/li>\n<li><span class=\"smalltext\">bains thermaux et saunas dans les thermes de Carolus Thermen, tous les jours,<br \/>\nde 9:00h \u00e0 23:00h<\/span><\/li>\n<li><span class=\"smalltext\">visite du parc animalier d\u2019Aix-la-Chapelle \u00ab Euregiozoo \u00bb, tous les jours, de 9:00h \u00e0 18:30h<\/span><\/li>\n<li><span class=\"smalltext\">promenade en v\u00e9lo sur l\u2019ancien trac\u00e9 de la \u00ab Vennbahn \u00bb (ancienne ligne de chemin de fer)<br \/>\nou le long de la \u00ab Kaiser-Route \u00bb (route de l\u2019empereur).<\/span><\/li>\n<\/ul>\n<\/div>\n<\/div>\n<\/div>\n<\/div>\n<\/div>\n<\/div>\n<\/div>\n<\/div>\n<\/div>\n<\/div><\/div><\/div><\/div><div id=\"pgc-2007-3-1\"  class=\"panel-grid-cell\" ><div id=\"panel-2007-3-1-0\" class=\"so-panel widget widget_sow-editor panel-first-child panel-last-child\" data-index=\"6\" ><div style=\"text-align: left;\" data-title-color=\"#443f3f\" data-headings-color=\"#443f3f\" class=\"panel-widget-style panel-widget-style-for-2007-3-1-0\" ><div\n\t\t\t\n\t\t\tclass=\"so-widget-sow-editor so-widget-sow-editor-base\"\n\t\t\t\n\t\t>\n<div class=\"siteorigin-widget-tinymce textwidget\">\n\t<div id=\"pgc-gb1360-5f8ea1db5eaf7-3-1\" class=\"panel-grid-cell\">\n<div class=\"panel-cell-style panel-cell-style-for-gb1360-5f8ea1db5eaf7-3-1\">\n<div id=\"pgc-gb1221-5f8ea2da5c50f-3-1\" class=\"panel-grid-cell\">\n<div class=\"panel-cell-style panel-cell-style-for-gb1221-5f8ea2da5c50f-3-1\">\n<div id=\"panel-gb1221-5f8ea2da5c50f-3-1-0\" class=\"so-panel widget widget_black-studio-tinymce widget_black_studio_tinymce panel-first-child\" data-index=\"7\">\n<div class=\"panel-widget-style panel-widget-style-for-gb1221-5f8ea2da5c50f-3-1-0\" data-title-color=\"#443f3f\" data-headings-color=\"#443f3f\">\n<div class=\"textwidget\">\n<p><span class=\"smalltext\"><b>Vous pourrez \u00e9galement trouver des informations en visitant les sites Internet suivants:<\/b><\/span><\/p>\n<\/div>\n<\/div>\n<\/div>\n<div id=\"panel-gb1221-5f8ea2da5c50f-3-1-1\" class=\"so-panel widget widget_nav_menu panel-last-child\" data-index=\"8\">\n<div class=\"panel-widget-style panel-widget-style-for-gb1221-5f8ea2da5c50f-3-1-1\" data-title-color=\"#443f3f\" data-headings-color=\"#443f3f\">\n<div class=\"menu-externe-links-container\">\n<ul id=\"menu-externe-links\" class=\"menu\">\n<li id=\"menu-item-720\" class=\"menu-item menu-item-type-custom menu-item-object-custom menu-item-720\"><a href=\"https:\/\/www.aachen.de\">www.aachen.de<\/a><\/li>\n<li id=\"menu-item-721\" class=\"menu-item menu-item-type-custom menu-item-object-custom menu-item-721\"><a href=\"https:\/\/www.aachen-tourist.de\">www.aachen-tourist.de<\/a><\/li>\n<li id=\"menu-item-722\" class=\"menu-item menu-item-type-custom menu-item-object-custom menu-item-722\"><a href=\"http:\/\/www.bad-aachen.de\/kurverwaltung\/\">www.bad-aachen.de<\/a><\/li>\n<li id=\"menu-item-723\" class=\"menu-item menu-item-type-custom menu-item-object-custom menu-item-723\"><a href=\"https:\/\/www.carolus-thermen.de\/de\/thermalbad\/\">www.carolus-thermen.de<\/a><\/li>\n<\/ul>\n<\/div>\n<\/div>\n<\/div>\n<\/div>\n<\/div>\n<\/div>\n<\/div>\n<\/div>\n<\/div><\/div><\/div><\/div><div id=\"pgc-2007-3-2\"  class=\"panel-grid-cell\" ><div id=\"panel-2007-3-2-0\" class=\"so-panel widget widget_sow-image panel-first-child panel-last-child\" data-index=\"7\" ><div style=\"text-align: left;\" data-title-color=\"#443f3f\" data-headings-color=\"#443f3f\" class=\"panel-widget-style panel-widget-style-for-2007-3-2-0\" ><div\n\t\t\t\n\t\t\tclass=\"so-widget-sow-image so-widget-sow-image-default-8b5b6f678277-2007\"\n\t\t\t\n\t\t>\n<div class=\"sow-image-container\">\n\t\t<img \n\tsrc=\"https:\/\/aachen-camping.de\/wp-content\/uploads\/2020\/03\/Bad-Aachen-Logo-mit-Rahmen.jpg\" width=\"931\" height=\"929\" srcset=\"https:\/\/aachen-camping.de\/wp-content\/uploads\/2020\/03\/Bad-Aachen-Logo-mit-Rahmen.jpg 931w, https:\/\/aachen-camping.de\/wp-content\/uploads\/2020\/03\/Bad-Aachen-Logo-mit-Rahmen-300x300.jpg 300w, https:\/\/aachen-camping.de\/wp-content\/uploads\/2020\/03\/Bad-Aachen-Logo-mit-Rahmen-150x150.jpg 150w, https:\/\/aachen-camping.de\/wp-content\/uploads\/2020\/03\/Bad-Aachen-Logo-mit-Rahmen-768x766.jpg 768w, https:\/\/aachen-camping.de\/wp-content\/uploads\/2020\/03\/Bad-Aachen-Logo-mit-Rahmen-50x50.jpg 50w\" sizes=\"(max-width: 931px) 100vw, 931px\" title=\"Freizeit:\n\nDie touristischen Angebote Aachens sind vielf\u00e4ltig. F\u00fcr innerst\u00e4dtische Ziele bietet sich die nur 400 Meter entfernte Bushaltestelle an. Besonders g\u00fcnstig fahren Sie mit der Minigruppenkarte (g\u00fcltig f\u00fcr 2 - 5 Personen, werktags ab 9.00 Uhr, Sa, So und feiertags ganzt\u00e4gig).\n\nEinige Anregungen:\n\u2022 \tBesichtigung des Aachener Doms (UNESCO-Weltkulturerbe), ge\u00f6ffnet 7.00 - 19.00 Uhr\n\u2022 \tAltstadtf\u00fchrung, Sa, So und feiertags ab Informationsb\u00fcro Elisenbrunnen, 11.00 Uhr\nvon April bis Oktober zus\u00e4tzliche Altstadtf\u00fchrungen Mo - Fr 14.00 Uhr\n\u2022 \tThermalbade- und Saunaerlebnis in den Carolus Thermen, t\u00e4glich 9.00 - 23.00 Uhr\n\u2022 \tBesuch des Aachener Tierparks \/ Euregiozoo, t\u00e4glich 9.00 - 18.30 Uhr\n\u2022 \tMit dem Fahrrad \u00fcber die ehemalige Vennbahntrasse \" alt=\"Bad Aachen\" \t\tclass=\"so-widget-image\"\/>\n\t<\/div>\n\n<\/div><\/div><\/div><\/div><\/div><\/div><div id=\"pg-2007-4\"  class=\"panel-grid panel-has-style\" ><div style=\"padding: 100px 0; \" data-overlay=\"true\" data-overlay-color=\"#000000\" class=\"panel-row-style panel-row-style-for-2007-4\" ><div id=\"pgc-2007-4-0\"  class=\"panel-grid-cell\" ><div id=\"panel-2007-4-0-0\" class=\"so-panel widget widget_sow-editor panel-first-child panel-last-child\" data-index=\"8\" ><div style=\"text-align: left;\" data-title-color=\"#443f3f\" data-headings-color=\"#443f3f\" class=\"panel-widget-style panel-widget-style-for-2007-4-0-0\" ><div\n\t\t\t\n\t\t\tclass=\"so-widget-sow-editor so-widget-sow-editor-base\"\n\t\t\t\n\t\t>\n<div class=\"siteorigin-widget-tinymce textwidget\">\n\t<hr>\n<\/div>\n<\/div><\/div><\/div><\/div><\/div><\/div><div id=\"pg-2007-5\"  class=\"panel-grid panel-has-style\" ><div style=\"padding: 100px 0; \" data-overlay=\"true\" data-overlay-color=\"#000000\" class=\"panel-row-style panel-row-style-for-2007-5\" ><div id=\"pgc-2007-5-0\"  class=\"panel-grid-cell\" ><div id=\"panel-2007-5-0-0\" class=\"so-panel widget widget_sow-editor panel-first-child panel-last-child\" data-index=\"9\" ><div style=\"text-align: left;\" data-title-color=\"#443f3f\" data-headings-color=\"#443f3f\" class=\"panel-widget-style panel-widget-style-for-2007-5-0-0\" ><div\n\t\t\t\n\t\t\tclass=\"so-widget-sow-editor so-widget-sow-editor-base\"\n\t\t\t\n\t\t>\n<div class=\"siteorigin-widget-tinymce textwidget\">\n\t<div id=\"pg-gb1360-5f8ea1db5eaf7-5\" class=\"panel-grid panel-has-style\">\n<div class=\"panel-row-style panel-row-style-for-gb1360-5f8ea1db5eaf7-5\" data-overlay=\"true\" data-overlay-color=\"#000000\">\n<div id=\"pgc-gb1360-5f8ea1db5eaf7-5-0\" class=\"panel-grid-cell\">\n<div id=\"panel-gb1360-5f8ea1db5eaf7-5-0-0\" class=\"so-panel widget widget_black-studio-tinymce widget_black_studio_tinymce panel-first-child panel-last-child\" data-index=\"11\">\n<div class=\"panel-widget-style panel-widget-style-for-gb1360-5f8ea1db5eaf7-5-0-0\" data-title-color=\"#443f3f\" data-headings-color=\"#443f3f\">\n<div class=\"textwidget\">\n<div id=\"pg-gb1221-5f8ea2da5c50f-5\" class=\"panel-grid panel-has-style\">\n<div class=\"panel-row-style panel-row-style-for-gb1221-5f8ea2da5c50f-5\" data-overlay=\"true\" data-overlay-color=\"#000000\">\n<div id=\"pgc-gb1221-5f8ea2da5c50f-5-0\" class=\"panel-grid-cell\">\n<div id=\"panel-gb1221-5f8ea2da5c50f-5-0-0\" class=\"so-panel widget widget_black-studio-tinymce widget_black_studio_tinymce panel-first-child panel-last-child\" data-index=\"11\">\n<div class=\"panel-widget-style panel-widget-style-for-gb1221-5f8ea2da5c50f-5-0-0\" data-title-color=\"#443f3f\" data-headings-color=\"#443f3f\">\n<div class=\"textwidget\">\n<h3><b>Attention, zone verte (Umweltzone)<\/b><\/h3>\n<div>\n<p>Aix-la-Chapelle a une zone environnementale dont 500 m seront travers\u00e9s en acc\u00e9dant au camping via le p\u00e9riph\u00e9rique ext\u00e9rieur.<\/p>\n<\/div>\n<\/div>\n<\/div>\n<\/div>\n<\/div>\n<\/div>\n<\/div>\n<\/div>\n<\/div>\n<\/div>\n<\/div>\n<\/div>\n<\/div>\n<\/div>\n<\/div><\/div><\/div><\/div><\/div><\/div><\/div>","protected":false},"excerpt":{"rendered":"<p>Infos &amp; Tarifs: Le centre-ville d\u2019Aix-la-Chapelle et le centre du quartier thermal de Burtscheid se trouvent \u00e0 proximit\u00e9 imm\u00e9diate de notre terrain. [&hellip;]<\/p>\n","protected":false},"author":1,"featured_media":0,"parent":0,"menu_order":0,"comment_status":"closed","ping_status":"closed","template":"page-templates\/page_fullwidth.php","meta":{"footnotes":""},"_links":{"self":[{"href":"https:\/\/aachen-camping.de\/fr\/wp-json\/wp\/v2\/pages\/2007"}],"collection":[{"href":"https:\/\/aachen-camping.de\/fr\/wp-json\/wp\/v2\/pages"}],"about":[{"href":"https:\/\/aachen-camping.de\/fr\/wp-json\/wp\/v2\/types\/page"}],"author":[{"embeddable":true,"href":"https:\/\/aachen-camping.de\/fr\/wp-json\/wp\/v2\/users\/1"}],"replies":[{"embeddable":true,"href":"https:\/\/aachen-camping.de\/fr\/wp-json\/wp\/v2\/comments?post=2007"}],"version-history":[{"count":53,"href":"https:\/\/aachen-camping.de\/fr\/wp-json\/wp\/v2\/pages\/2007\/revisions"}],"predecessor-version":[{"id":3096,"href":"https:\/\/aachen-camping.de\/fr\/wp-json\/wp\/v2\/pages\/2007\/revisions\/3096"}],"wp:attachment":[{"href":"https:\/\/aachen-camping.de\/fr\/wp-json\/wp\/v2\/media?parent=2007"}],"curies":[{"name":"wp","href":"https:\/\/api.w.org\/{rel}","templated":true}]}}